{"id":5243,"date":"2021-05-03T08:25:13","date_gmt":"2021-05-03T08:25:13","guid":{"rendered":"http:\/\/www.areadeluxe.com\/?post_type=productos&#038;p=5243"},"modified":"2021-06-04T07:04:07","modified_gmt":"2021-06-04T07:04:07","slug":"bandalux-fensterlaeden","status":"publish","type":"productos","link":"https:\/\/www.areadeluxe.com\/de\/produkte\/aussenbereich\/bandalux-fensterlaeden","title":{"rendered":"Bandalux Fensterl\u00e4den"},"content":{"rendered":"<p>Dekoratives und funktionales Element zur Regulierung des Lichts und der Bel\u00fcftung. Durch die Ausrichtung der Lamellen sind sie auch ideal zum Schutz der Privatsph\u00e4re. Sie schlie\u00dfen hermetisch und beim Herunterlassen der Jalousie wird eine vollst\u00e4ndige Verdunkelung des Innenraums erreicht.<\/p>\n","protected":false},"excerpt":{"rendered":"<p>Dekoratives und funktionales Element zur Regulierung des Lichts und der Bel\u00fcftung.<\/p>\n","protected":false},"featured_media":3617,"parent":0,"template":"","categorias":[61],"yoast_head":"<!-- This site is optimized with the Yoast SEO plugin v16.4 - https:\/\/yoast.com\/wordpress\/plugins\/seo\/ -->\n<title>Bandalux Fensterl\u00e4den | \u00c1rea Deluxe<\/title>\n<meta name=\"robots\" content=\"index, follow, max-snippet:-1, max-image-preview:large, max-video-preview:-1\" \/>\n<link rel=\"canonical\" href=\"https:\/\/www.areadeluxe.com\/de\/productos\/aussenbereich\/bandalux-fensterlaeden\/\" \/>\n<meta property=\"og:locale\" content=\"de_DE\" \/>\n<meta property=\"og:type\" content=\"article\" \/>\n<meta property=\"og:title\" content=\"Bandalux Fensterl\u00e4den | \u00c1rea Deluxe\" \/>\n<meta property=\"og:description\" content=\"Dekoratives und funktionales Element zur Regulierung des Lichts und der Bel\u00fcftung.\" \/>\n<meta property=\"og:url\" content=\"https:\/\/www.areadeluxe.com\/de\/productos\/aussenbereich\/bandalux-fensterlaeden\/\" \/>\n<meta property=\"og:site_name\" content=\"\u00c1rea Deluxe\" \/>\n<meta property=\"article:modified_time\" content=\"2021-06-04T07:04:07+00:00\" \/>\n<meta property=\"og:image\" content=\"https:\/\/www.areadeluxe.com\/wp-content\/uploads\/2021\/04\/Persianas-1.jpeg\" \/>\n\t<meta property=\"og:image:width\" content=\"1800\" \/>\n\t<meta property=\"og:image:height\" content=\"1200\" \/>\n<meta name=\"twitter:card\" content=\"summary_large_image\" \/>\n<meta name=\"twitter:label1\" content=\"Gesch\u00e4tzte Lesezeit\" \/>\n\t<meta name=\"twitter:data1\" content=\"1\u00a0Minute\" \/>\n<script type=\"application\/ld+json\" class=\"yoast-schema-graph\">{\"@context\":\"https:\/\/schema.org\",\"@graph\":[{\"@type\":\"Organization\",\"@id\":\"https:\/\/www.areadeluxe.com\/es\/#organization\",\"name\":\"\\u00c1rea Deluxe\",\"url\":\"https:\/\/www.areadeluxe.com\/es\/\",\"sameAs\":[],\"logo\":{\"@type\":\"ImageObject\",\"@id\":\"https:\/\/www.areadeluxe.com\/es\/#logo\",\"inLanguage\":\"de\",\"url\":\"http:\/\/www.areadeluxe.com\/wp-content\/uploads\/2021\/03\/LOGO.png\",\"contentUrl\":\"http:\/\/www.areadeluxe.com\/wp-content\/uploads\/2021\/03\/LOGO.png\",\"width\":343,\"height\":106,\"caption\":\"\\u00c1rea Deluxe\"},\"image\":{\"@id\":\"https:\/\/www.areadeluxe.com\/es\/#logo\"}},{\"@type\":\"WebSite\",\"@id\":\"https:\/\/www.areadeluxe.com\/es\/#website\",\"url\":\"https:\/\/www.areadeluxe.com\/es\/\",\"name\":\"\\u00c1rea Deluxe\",\"description\":\"Distribuidor Oficial de Bandalux\",\"publisher\":{\"@id\":\"https:\/\/www.areadeluxe.com\/es\/#organization\"},\"potentialAction\":[{\"@type\":\"SearchAction\",\"target\":\"https:\/\/www.areadeluxe.com\/es\/?s={search_term_string}\",\"query-input\":\"required name=search_term_string\"}],\"inLanguage\":\"de\"},{\"@type\":\"ImageObject\",\"@id\":\"https:\/\/www.areadeluxe.com\/de\/productos\/aussenbereich\/bandalux-fensterlaeden\/#primaryimage\",\"inLanguage\":\"de\",\"url\":\"https:\/\/www.areadeluxe.com\/wp-content\/uploads\/2021\/04\/Persianas-1.jpeg\",\"contentUrl\":\"https:\/\/www.areadeluxe.com\/wp-content\/uploads\/2021\/04\/Persianas-1.jpeg\",\"width\":1800,\"height\":1200},{\"@type\":\"WebPage\",\"@id\":\"https:\/\/www.areadeluxe.com\/de\/productos\/aussenbereich\/bandalux-fensterlaeden\/#webpage\",\"url\":\"https:\/\/www.areadeluxe.com\/de\/productos\/aussenbereich\/bandalux-fensterlaeden\/\",\"name\":\"Bandalux Fensterl\\u00e4den | \\u00c1rea Deluxe\",\"isPartOf\":{\"@id\":\"https:\/\/www.areadeluxe.com\/es\/#website\"},\"primaryImageOfPage\":{\"@id\":\"https:\/\/www.areadeluxe.com\/de\/productos\/aussenbereich\/bandalux-fensterlaeden\/#primaryimage\"},\"datePublished\":\"2021-05-03T08:25:13+00:00\",\"dateModified\":\"2021-06-04T07:04:07+00:00\",\"breadcrumb\":{\"@id\":\"https:\/\/www.areadeluxe.com\/de\/productos\/aussenbereich\/bandalux-fensterlaeden\/#breadcrumb\"},\"inLanguage\":\"de\",\"potentialAction\":[{\"@type\":\"ReadAction\",\"target\":[\"https:\/\/www.areadeluxe.com\/de\/productos\/aussenbereich\/bandalux-fensterlaeden\/\"]}]},{\"@type\":\"BreadcrumbList\",\"@id\":\"https:\/\/www.areadeluxe.com\/de\/productos\/aussenbereich\/bandalux-fensterlaeden\/#breadcrumb\",\"itemListElement\":[{\"@type\":\"ListItem\",\"position\":1,\"item\":{\"@type\":\"WebPage\",\"@id\":\"https:\/\/www.areadeluxe.com\/es\/\",\"url\":\"https:\/\/www.areadeluxe.com\/es\/\",\"name\":\"Portada\"}},{\"@type\":\"ListItem\",\"position\":2,\"item\":{\"@type\":\"WebPage\",\"@id\":\"https:\/\/www.areadeluxe.com\/en\/products\/\",\"url\":\"https:\/\/www.areadeluxe.com\/en\/products\/\",\"name\":\"Productos\"}},{\"@type\":\"ListItem\",\"position\":3,\"item\":{\"@id\":\"https:\/\/www.areadeluxe.com\/de\/productos\/aussenbereich\/bandalux-fensterlaeden\/#webpage\"}}]}]}<\/script>\n<!-- \/ Yoast SEO plugin. -->","_links":{"self":[{"href":"https:\/\/www.areadeluxe.com\/de\/wp-json\/wp\/v2\/productos\/5243"}],"collection":[{"href":"https:\/\/www.areadeluxe.com\/de\/wp-json\/wp\/v2\/productos"}],"about":[{"href":"https:\/\/www.areadeluxe.com\/de\/wp-json\/wp\/v2\/types\/productos"}],"version-history":[{"count":2,"href":"https:\/\/www.areadeluxe.com\/de\/wp-json\/wp\/v2\/productos\/5243\/revisions"}],"predecessor-version":[{"id":8103,"href":"https:\/\/www.areadeluxe.com\/de\/wp-json\/wp\/v2\/productos\/5243\/revisions\/8103"}],"wp:featuredmedia":[{"embeddable":true,"href":"https:\/\/www.areadeluxe.com\/de\/wp-json\/wp\/v2\/media\/3617"}],"wp:attachment":[{"href":"https:\/\/www.areadeluxe.com\/de\/wp-json\/wp\/v2\/media?parent=5243"}],"wp:term":[{"taxonomy":"categorias","embeddable":true,"href":"https:\/\/www.areadeluxe.com\/de\/wp-json\/wp\/v2\/categorias?post=5243"}],"curies":[{"name":"wp","href":"https:\/\/api.w.org\/{rel}","templated":true}]}}